{"id":157,"date":"2024-02-21T15:07:50","date_gmt":"2024-02-21T14:07:50","guid":{"rendered":"https:\/\/alicjaslawinska.pl\/?post_type=publications&#038;p=157"},"modified":"2024-02-28T16:11:07","modified_gmt":"2024-02-28T15:11:07","slug":"nabycie-pierwszej-nieruchomosci-na-rynku-wtornym-bez-podatku-od-czynnosci-cywilnoprawnych-dalej-pcc","status":"publish","type":"publications","link":"https:\/\/alicjaslawinska.pl\/pl\/publications\/nabycie-pierwszej-nieruchomosci-na-rynku-wtornym-bez-podatku-od-czynnosci-cywilnoprawnych-dalej-pcc\/","title":{"rendered":"Nabycie pierwszej nieruchomo\u015bci na rynku wt\u00f3rnym  bez podatku od czynno\u015bci cywilnoprawnych (dalej: \u201ePCC\u201d)"},"content":{"rendered":"<p>Obecnie nabyciu lokalu mieszkalnego czy domu jednorodzinnego na rynku wt\u00f3rnym nieruchomo\u015bci towarzyszy obowi\u0105zek zap\u0142aty przez nowego w\u0142a\u015bciciela PCC w wysoko\u015bci 2% transakcji stanowi\u0105cej przedmiot czynno\u015bci prawnej. Zgodnie z tre\u015bci\u0105 znowelizowanego art. 9 pkt. 17 ustawy z dnia 9 wrze\u015bnia 2000r. o podatku od czynno\u015bci cywilnoprawnych (Dz. U. 2000 nr 86 poz. 959)(dalej: \u201ePCCU\u201d) w zwi\u0105zku z ustaw\u0105 z dnia 26 maja 2023r. o zmianie ustawy o samorz\u0105dzie gminnym, ustawy o spo\u0142ecznych formach rozwoju mieszkalnictwa, ustawy o gospodarce nieruchomo\u015bciami, ustawy o podatku o czynno\u015bci cywilnoprawnych oraz niekt\u00f3rych innych ustaw (Dz. U. 2023 poz. 1463)(dalej: \u201eUstawa\u201d), wy\u017cej opisany obowi\u0105zek podatkowy ulega dezaktualizacji z dniem 31 sierpnia 2023r.<\/p>\n<p>W praktyce oznacza to, \u017ce po nowelizacji osoby fizyczne zainteresowane nabyciem swojej pierwszej nieruchomo\u015bci na rynku wt\u00f3rnym nieruchomo\u015bci nie b\u0119d\u0105 zobligowane do zap\u0142aty PCC (kryterium podmiotowe).<\/p>\n<p>Zgodnie z tre\u015bci\u0105 znowelizowanego art. 9 pkt. 17 PCCU zwalnia si\u0119 z obowi\u0105zku zap\u0142aty PCC nast\u0119puj\u0105ce czynno\u015bci prawne na rynku wt\u00f3rnym nieruchomo\u015bci (kryterium przedmiotowe):<br \/>\n(i) sprzeda\u017c, kt\u00f3rej przedmiotem jest prawo w\u0142asno\u015bci lokalu mieszkalnego stanowi\u0105cego odr\u0119bn\u0105 nieruchomo\u015b\u0107,<br \/>\n(ii) prawo w\u0142asno\u015bci budynku mieszkalnego jednorodzinnego,<br \/>\n(iii) sp\u00f3\u0142dzielcze w\u0142asno\u015bciowe prawo do lokalu dotycz\u0105ce lokalu mieszkalnego lub domu jednorodzinnego.<\/p>\n<p><em>*Wyj\u0105tkiem od opisanej regu\u0142y jest posiadanie przez potencjalnego nabywc\u0119 max. 50% udzia\u0142u w wy\u017cej opisanych prawach do nieruchomo\u015bci nabytych w drodze dziedziczenia, co r\u00f3wnie\u017c uprawnia do skorzystania ze zwolnienia podatkowego.<\/em><\/p>\n<p style=\"text-align: center;\"><span style=\"font-weight: 400;\">8 wrze\u015bnia 2023r.<\/span><\/p>\n","protected":false},"featured_media":0,"template":"","class_list":["post-157","publications","type-publications","status-publish","hentry"],"acf":[],"yoast_head":"<!-- This site is optimized with the Yoast SEO plugin v27.5 - https:\/\/yoast.com\/product\/yoast-seo-wordpress\/ -->\n<title>Nabycie pierwszej nieruchomo\u015bci na rynku wt\u00f3rnym bez podatku od czynno\u015bci cywilnoprawnych (dalej: \u201ePCC\u201d) - Alicja S\u0142awi\u0144ska<\/title>\n<meta name=\"robots\" content=\"index, follow, max-snippet:-1, max-image-preview:large, max-video-preview:-1\" \/>\n<link rel=\"canonical\" href=\"https:\/\/alicjaslawinska.pl\/pl\/publications\/nabycie-pierwszej-nieruchomosci-na-rynku-wtornym-bez-podatku-od-czynnosci-cywilnoprawnych-dalej-pcc\/\" \/>\n<meta property=\"og:locale\" content=\"pl_PL\" \/>\n<meta property=\"og:type\" content=\"article\" \/>\n<meta property=\"og:title\" content=\"Nabycie pierwszej nieruchomo\u015bci na rynku wt\u00f3rnym bez podatku od czynno\u015bci cywilnoprawnych (dalej: \u201ePCC\u201d) - Alicja S\u0142awi\u0144ska\" \/>\n<meta property=\"og:description\" content=\"Obecnie nabyciu lokalu mieszkalnego czy domu jednorodzinnego na rynku wt\u00f3rnym nieruchomo\u015bci towarzyszy obowi\u0105zek zap\u0142aty przez nowego w\u0142a\u015bciciela PCC w wysoko\u015bci 2% transakcji stanowi\u0105cej przedmiot czynno\u015bci prawnej. Zgodnie z tre\u015bci\u0105 znowelizowanego art. 9 pkt. 17 ustawy z dnia 9 wrze\u015bnia 2000r. o podatku od czynno\u015bci cywilnoprawnych (Dz. U. 2000 nr 86 poz. 959)(dalej: \u201ePCCU\u201d) w zwi\u0105zku [&hellip;]\" \/>\n<meta property=\"og:url\" content=\"https:\/\/alicjaslawinska.pl\/pl\/publications\/nabycie-pierwszej-nieruchomosci-na-rynku-wtornym-bez-podatku-od-czynnosci-cywilnoprawnych-dalej-pcc\/\" \/>\n<meta property=\"og:site_name\" content=\"Alicja S\u0142awi\u0144ska\" \/>\n<meta property=\"article:modified_time\" content=\"2024-02-28T15:11:07+00:00\" \/>\n<meta property=\"og:image\" content=\"https:\/\/alicjaslawinska.pl\/wp-content\/uploads\/2024\/02\/1200x630.jpg\" \/>\n\t<meta property=\"og:image:width\" content=\"1200\" \/>\n\t<meta property=\"og:image:height\" content=\"630\" \/>\n\t<meta property=\"og:image:type\" content=\"image\/jpeg\" \/>\n<meta name=\"twitter:card\" content=\"summary_large_image\" \/>\n<meta name=\"twitter:label1\" content=\"Szacowany czas czytania\" \/>\n\t<meta name=\"twitter:data1\" content=\"1 minuta\" \/>\n<script type=\"application\/ld+json\" class=\"yoast-schema-graph\">{\"@context\":\"https:\\\/\\\/schema.org\",\"@graph\":[{\"@type\":\"WebPage\",\"@id\":\"https:\\\/\\\/alicjaslawinska.pl\\\/pl\\\/publications\\\/nabycie-pierwszej-nieruchomosci-na-rynku-wtornym-bez-podatku-od-czynnosci-cywilnoprawnych-dalej-pcc\\\/\",\"url\":\"https:\\\/\\\/alicjaslawinska.pl\\\/pl\\\/publications\\\/nabycie-pierwszej-nieruchomosci-na-rynku-wtornym-bez-podatku-od-czynnosci-cywilnoprawnych-dalej-pcc\\\/\",\"name\":\"Nabycie pierwszej nieruchomo\u015bci na rynku wt\u00f3rnym bez podatku od czynno\u015bci cywilnoprawnych (dalej: \u201ePCC\u201d) - Alicja S\u0142awi\u0144ska\",\"isPartOf\":{\"@id\":\"https:\\\/\\\/alicjaslawinska.pl\\\/#website\"},\"datePublished\":\"2024-02-21T14:07:50+00:00\",\"dateModified\":\"2024-02-28T15:11:07+00:00\",\"breadcrumb\":{\"@id\":\"https:\\\/\\\/alicjaslawinska.pl\\\/pl\\\/publications\\\/nabycie-pierwszej-nieruchomosci-na-rynku-wtornym-bez-podatku-od-czynnosci-cywilnoprawnych-dalej-pcc\\\/#breadcrumb\"},\"inLanguage\":\"pl-PL\",\"potentialAction\":[{\"@type\":\"ReadAction\",\"target\":[\"https:\\\/\\\/alicjaslawinska.pl\\\/pl\\\/publications\\\/nabycie-pierwszej-nieruchomosci-na-rynku-wtornym-bez-podatku-od-czynnosci-cywilnoprawnych-dalej-pcc\\\/\"]}]},{\"@type\":\"BreadcrumbList\",\"@id\":\"https:\\\/\\\/alicjaslawinska.pl\\\/pl\\\/publications\\\/nabycie-pierwszej-nieruchomosci-na-rynku-wtornym-bez-podatku-od-czynnosci-cywilnoprawnych-dalej-pcc\\\/#breadcrumb\",\"itemListElement\":[{\"@type\":\"ListItem\",\"position\":1,\"name\":\"Home\",\"item\":\"https:\\\/\\\/alicjaslawinska.pl\\\/pl\\\/\"},{\"@type\":\"ListItem\",\"position\":2,\"name\":\"Nabycie pierwszej nieruchomo\u015bci na rynku wt\u00f3rnym bez podatku od czynno\u015bci cywilnoprawnych (dalej: \u201ePCC\u201d)\"}]},{\"@type\":\"WebSite\",\"@id\":\"https:\\\/\\\/alicjaslawinska.pl\\\/#website\",\"url\":\"https:\\\/\\\/alicjaslawinska.pl\\\/\",\"name\":\"Alicja S\u0142wi\u0144ska\",\"description\":\"\",\"publisher\":{\"@id\":\"https:\\\/\\\/alicjaslawinska.pl\\\/#organization\"},\"potentialAction\":[{\"@type\":\"SearchAction\",\"target\":{\"@type\":\"EntryPoint\",\"urlTemplate\":\"https:\\\/\\\/alicjaslawinska.pl\\\/?s={search_term_string}\"},\"query-input\":{\"@type\":\"PropertyValueSpecification\",\"valueRequired\":true,\"valueName\":\"search_term_string\"}}],\"inLanguage\":\"pl-PL\"},{\"@type\":\"Organization\",\"@id\":\"https:\\\/\\\/alicjaslawinska.pl\\\/#organization\",\"name\":\"Alicja S\u0142wi\u0144ska\",\"url\":\"https:\\\/\\\/alicjaslawinska.pl\\\/\",\"logo\":{\"@type\":\"ImageObject\",\"inLanguage\":\"pl-PL\",\"@id\":\"https:\\\/\\\/alicjaslawinska.pl\\\/#\\\/schema\\\/logo\\\/image\\\/\",\"url\":\"https:\\\/\\\/alicjaslawinska.pl\\\/wp-content\\\/uploads\\\/2024\\\/02\\\/1200x630.jpg\",\"contentUrl\":\"https:\\\/\\\/alicjaslawinska.pl\\\/wp-content\\\/uploads\\\/2024\\\/02\\\/1200x630.jpg\",\"width\":1200,\"height\":630,\"caption\":\"Alicja S\u0142wi\u0144ska\"},\"image\":{\"@id\":\"https:\\\/\\\/alicjaslawinska.pl\\\/#\\\/schema\\\/logo\\\/image\\\/\"}}]}<\/script>\n<!-- \/ Yoast SEO plugin. -->","yoast_head_json":{"title":"Nabycie pierwszej nieruchomo\u015bci na rynku wt\u00f3rnym bez podatku od czynno\u015bci cywilnoprawnych (dalej: \u201ePCC\u201d) - Alicja S\u0142awi\u0144ska","robots":{"index":"index","follow":"follow","max-snippet":"max-snippet:-1","max-image-preview":"max-image-preview:large","max-video-preview":"max-video-preview:-1"},"canonical":"https:\/\/alicjaslawinska.pl\/pl\/publications\/nabycie-pierwszej-nieruchomosci-na-rynku-wtornym-bez-podatku-od-czynnosci-cywilnoprawnych-dalej-pcc\/","og_locale":"pl_PL","og_type":"article","og_title":"Nabycie pierwszej nieruchomo\u015bci na rynku wt\u00f3rnym bez podatku od czynno\u015bci cywilnoprawnych (dalej: \u201ePCC\u201d) - Alicja S\u0142awi\u0144ska","og_description":"Obecnie nabyciu lokalu mieszkalnego czy domu jednorodzinnego na rynku wt\u00f3rnym nieruchomo\u015bci towarzyszy obowi\u0105zek zap\u0142aty przez nowego w\u0142a\u015bciciela PCC w wysoko\u015bci 2% transakcji stanowi\u0105cej przedmiot czynno\u015bci prawnej. Zgodnie z tre\u015bci\u0105 znowelizowanego art. 9 pkt. 17 ustawy z dnia 9 wrze\u015bnia 2000r. o podatku od czynno\u015bci cywilnoprawnych (Dz. U. 2000 nr 86 poz. 959)(dalej: \u201ePCCU\u201d) w zwi\u0105zku [&hellip;]","og_url":"https:\/\/alicjaslawinska.pl\/pl\/publications\/nabycie-pierwszej-nieruchomosci-na-rynku-wtornym-bez-podatku-od-czynnosci-cywilnoprawnych-dalej-pcc\/","og_site_name":"Alicja S\u0142awi\u0144ska","article_modified_time":"2024-02-28T15:11:07+00:00","og_image":[{"width":1200,"height":630,"url":"https:\/\/alicjaslawinska.pl\/wp-content\/uploads\/2024\/02\/1200x630.jpg","type":"image\/jpeg"}],"twitter_card":"summary_large_image","twitter_misc":{"Szacowany czas czytania":"1 minuta"},"schema":{"@context":"https:\/\/schema.org","@graph":[{"@type":"WebPage","@id":"https:\/\/alicjaslawinska.pl\/pl\/publications\/nabycie-pierwszej-nieruchomosci-na-rynku-wtornym-bez-podatku-od-czynnosci-cywilnoprawnych-dalej-pcc\/","url":"https:\/\/alicjaslawinska.pl\/pl\/publications\/nabycie-pierwszej-nieruchomosci-na-rynku-wtornym-bez-podatku-od-czynnosci-cywilnoprawnych-dalej-pcc\/","name":"Nabycie pierwszej nieruchomo\u015bci na rynku wt\u00f3rnym bez podatku od czynno\u015bci cywilnoprawnych (dalej: \u201ePCC\u201d) - Alicja S\u0142awi\u0144ska","isPartOf":{"@id":"https:\/\/alicjaslawinska.pl\/#website"},"datePublished":"2024-02-21T14:07:50+00:00","dateModified":"2024-02-28T15:11:07+00:00","breadcrumb":{"@id":"https:\/\/alicjaslawinska.pl\/pl\/publications\/nabycie-pierwszej-nieruchomosci-na-rynku-wtornym-bez-podatku-od-czynnosci-cywilnoprawnych-dalej-pcc\/#breadcrumb"},"inLanguage":"pl-PL","potentialAction":[{"@type":"ReadAction","target":["https:\/\/alicjaslawinska.pl\/pl\/publications\/nabycie-pierwszej-nieruchomosci-na-rynku-wtornym-bez-podatku-od-czynnosci-cywilnoprawnych-dalej-pcc\/"]}]},{"@type":"BreadcrumbList","@id":"https:\/\/alicjaslawinska.pl\/pl\/publications\/nabycie-pierwszej-nieruchomosci-na-rynku-wtornym-bez-podatku-od-czynnosci-cywilnoprawnych-dalej-pcc\/#breadcrumb","itemListElement":[{"@type":"ListItem","position":1,"name":"Home","item":"https:\/\/alicjaslawinska.pl\/pl\/"},{"@type":"ListItem","position":2,"name":"Nabycie pierwszej nieruchomo\u015bci na rynku wt\u00f3rnym bez podatku od czynno\u015bci cywilnoprawnych (dalej: \u201ePCC\u201d)"}]},{"@type":"WebSite","@id":"https:\/\/alicjaslawinska.pl\/#website","url":"https:\/\/alicjaslawinska.pl\/","name":"Alicja S\u0142wi\u0144ska","description":"","publisher":{"@id":"https:\/\/alicjaslawinska.pl\/#organization"},"potentialAction":[{"@type":"SearchAction","target":{"@type":"EntryPoint","urlTemplate":"https:\/\/alicjaslawinska.pl\/?s={search_term_string}"},"query-input":{"@type":"PropertyValueSpecification","valueRequired":true,"valueName":"search_term_string"}}],"inLanguage":"pl-PL"},{"@type":"Organization","@id":"https:\/\/alicjaslawinska.pl\/#organization","name":"Alicja S\u0142wi\u0144ska","url":"https:\/\/alicjaslawinska.pl\/","logo":{"@type":"ImageObject","inLanguage":"pl-PL","@id":"https:\/\/alicjaslawinska.pl\/#\/schema\/logo\/image\/","url":"https:\/\/alicjaslawinska.pl\/wp-content\/uploads\/2024\/02\/1200x630.jpg","contentUrl":"https:\/\/alicjaslawinska.pl\/wp-content\/uploads\/2024\/02\/1200x630.jpg","width":1200,"height":630,"caption":"Alicja S\u0142wi\u0144ska"},"image":{"@id":"https:\/\/alicjaslawinska.pl\/#\/schema\/logo\/image\/"}}]}},"_links":{"self":[{"href":"https:\/\/alicjaslawinska.pl\/pl\/wp-json\/wp\/v2\/publications\/157","targetHints":{"allow":["GET"]}}],"collection":[{"href":"https:\/\/alicjaslawinska.pl\/pl\/wp-json\/wp\/v2\/publications"}],"about":[{"href":"https:\/\/alicjaslawinska.pl\/pl\/wp-json\/wp\/v2\/types\/publications"}],"wp:attachment":[{"href":"https:\/\/alicjaslawinska.pl\/pl\/wp-json\/wp\/v2\/media?parent=157"}],"curies":[{"name":"wp","href":"https:\/\/api.w.org\/{rel}","templated":true}]}}