{"id":131,"date":"2023-08-31T13:00:59","date_gmt":"2023-08-31T11:00:59","guid":{"rendered":"https:\/\/alicjaslawinska.pl\/?post_type=publications&#038;p=131"},"modified":"2024-02-28T16:19:12","modified_gmt":"2024-02-28T15:19:12","slug":"odpowiedzialnosc-dyscyplinarna-zawodowa-i-karna-architekta","status":"publish","type":"publications","link":"https:\/\/alicjaslawinska.pl\/pl\/publications\/odpowiedzialnosc-dyscyplinarna-zawodowa-i-karna-architekta\/","title":{"rendered":"Odpowiedzialno\u015b\u0107 dyscyplinarna, zawodowa i karna architekta"},"content":{"rendered":"<div id=\"ez-toc-container\" class=\"ez-toc-v2_0_82_2 counter-hierarchy ez-toc-counter ez-toc-grey ez-toc-container-direction\">\n<div class=\"ez-toc-title-container\">\n<span class=\"ez-toc-title-toggle\"><a href=\"#\" class=\"ez-toc-pull-right ez-toc-btn ez-toc-btn-xs ez-toc-btn-default ez-toc-toggle\" aria-label=\"Prze\u0142\u0105cznik Spisu Tre\u015bci\"><span class=\"ez-toc-js-icon-con\"><span class=\"\"><span class=\"eztoc-hide\" style=\"display:none;\">Toggle<\/span><span class=\"ez-toc-icon-toggle-span\"><svg style=\"fill: #999;color:#999\" xmlns=\"http:\/\/www.w3.org\/2000\/svg\" class=\"list-377408\" width=\"20px\" height=\"20px\" viewBox=\"0 0 24 24\" fill=\"none\"><path d=\"M6 6H4v2h2V6zm14 0H8v2h12V6zM4 11h2v2H4v-2zm16 0H8v2h12v-2zM4 16h2v2H4v-2zm16 0H8v2h12v-2z\" fill=\"currentColor\"><\/path><\/svg><svg style=\"fill: #999;color:#999\" class=\"arrow-unsorted-368013\" xmlns=\"http:\/\/www.w3.org\/2000\/svg\" width=\"10px\" height=\"10px\" viewBox=\"0 0 24 24\" version=\"1.2\" baseProfile=\"tiny\"><path d=\"M18.2 9.3l-6.2-6.3-6.2 6.3c-.2.2-.3.4-.3.7s.1.5.3.7c.2.2.4.3.7.3h11c.3 0 .5-.1.7-.3.2-.2.3-.5.3-.7s-.1-.5-.3-.7zM5.8 14.7l6.2 6.3 6.2-6.3c.2-.2.3-.5.3-.7s-.1-.5-.3-.7c-.2-.2-.4-.3-.7-.3h-11c-.3 0-.5.1-.7.3-.2.2-.3.5-.3.7s.1.5.3.7z\"\/><\/svg><\/span><\/span><\/span><\/a><\/span><\/div>\n<nav><ul class='ez-toc-list ez-toc-list-level-1 ' ><li class='ez-toc-page-1 ez-toc-heading-level-3'><a class=\"ez-toc-link ez-toc-heading-1\" href=\"https:\/\/alicjaslawinska.pl\/pl\/publications\/odpowiedzialnosc-dyscyplinarna-zawodowa-i-karna-architekta\/#ODPOWIEDZIALNOSC_ZAWODOWA\" >ODPOWIEDZIALNO\u015a\u0106 ZAWODOWA<\/a><\/li><li class='ez-toc-page-1 ez-toc-heading-level-3'><a class=\"ez-toc-link ez-toc-heading-2\" href=\"https:\/\/alicjaslawinska.pl\/pl\/publications\/odpowiedzialnosc-dyscyplinarna-zawodowa-i-karna-architekta\/#ODPOWIEDZIALNOSC_DYSCYPLINARNA\" >ODPOWIEDZIALNO\u015a\u0106 DYSCYPLINARNA<\/a><\/li><li class='ez-toc-page-1 ez-toc-heading-level-3'><a class=\"ez-toc-link ez-toc-heading-3\" href=\"https:\/\/alicjaslawinska.pl\/pl\/publications\/odpowiedzialnosc-dyscyplinarna-zawodowa-i-karna-architekta\/#ODPOWIEDZIALNOSC_KARNA\" >ODPOWIEDZIALNO\u015a\u0106 KARNA<\/a><\/li><\/ul><\/nav><\/div>\n<p>Zaw\u00f3d architekta polega przede wszystkim na projektowaniu i tworzeniu obiekt\u00f3w budowlanych. Wymaga zorientowania w takich dziedzinach jak urbanistyka, in\u017cynieria, krajobraz czy historia sztuki. Wa\u017cna rola w procesie inwestycyjno \u2013 budowlanym spowodowa\u0142a, \u017ce charakterystyka odpowiedzialno\u015bci prawnej architekta rozk\u0142ada si\u0119 nast\u0119puj\u0105co:<\/p>\n<h3><span class=\"ez-toc-section\" id=\"ODPOWIEDZIALNOSC_ZAWODOWA\"><\/span>ODPOWIEDZIALNO\u015a\u0106 ZAWODOWA<span class=\"ez-toc-section-end\"><\/span><\/h3>\n<p>\u2013 podstaw\u0105 odpowiedzialno\u015bci zawodowej architekt\u00f3w jest ustawa z dnia 7 lipca 1994r. &#8211; Prawo budowlane (Dz. U. 1994 nr 89 poz. 414)(Dalej: \u201eUstawa\u201d lub \u201ePrawo budowlane\u201d). Zgodnie z tre\u015bci\u0105 art. 95 Prawa budowlanego odpowiedzialno\u015bci zawodowej podlegaj\u0105 nast\u0119puj\u0105ce osoby, kt\u00f3re:<br \/>\n(i) dopu\u015bci\u0142y si\u0119 wyst\u0119pk\u00f3w lub wykrocze\u0144 okre\u015blonych Ustaw\u0105,<br \/>\n(ii) zosta\u0142y ukarane w zwi\u0105zku z wykonywaniem samodzielnych funkcji technicznych w budownictwie,<br \/>\n(iii) wskutek ra\u017c\u0105cych b\u0142\u0119d\u00f3w lub zaniedba\u0107, spowodowa\u0142y zagro\u017cenie \u017cycia lub zdrowia ludzi, bezpiecze\u0144stwa mienia lub \u015brodowiska albo znaczne szkody materialne;<br \/>\n(iv) nie spe\u0142niaj\u0105 lub spe\u0142niaj\u0105 niedbale swoje obowi\u0105zki;<br \/>\n(v) uchylaj\u0105 si\u0119 od podj\u0119cia nadzoru autorskiego lub wykonuj\u0105 niedbale obowi\u0105zki wynikaj\u0105ce z pe\u0142nienia tego nadzoru.<\/p>\n<p>Katalog kar z tytu\u0142u przewinie\u0144 na podstawie odpowiedzialno\u015bci zawodowej architekta:<br \/>\n(i) upomnienie,<br \/>\n(ii) upomnienie z konieczno\u015bci\u0105 z\u0142o\u017cenia egzaminu,<br \/>\n(iii) czasowy zakaz wykonywania funkcji technicznej z konieczno\u015bci\u0105 z\u0142o\u017cenia egzaminu zawodowego.<\/p>\n<h3><span class=\"ez-toc-section\" id=\"ODPOWIEDZIALNOSC_DYSCYPLINARNA\"><\/span>ODPOWIEDZIALNO\u015a\u0106 DYSCYPLINARNA<span class=\"ez-toc-section-end\"><\/span><\/h3>\n<p>\u2013 podstaw\u0105 odpowiedzialno\u015bci dyscyplinarnej architekt\u00f3w jest ustawa z dnia 15 grudnia 2000r. o samorz\u0105dach zawodowych architekt\u00f3w oraz in\u017cynier\u00f3w budownictwa (Dz. U. 2001 nr 5 poz. 42)(dalej: \u201eUstawa\u201d). Zgodnie z tre\u015bci\u0105 art. 45 i nast. Ustawy cz\u0142onek izby podlega odpowiedzialno\u015bci dyscyplinarnej za zawinione naruszenie nast\u0119puj\u0105cych obowi\u0105zk\u00f3w:<br \/>\n(i) przestrzega\u0107 przy wykonywaniu czynno\u015bci zawodowych obowi\u0105zuj\u0105cych przepis\u00f3w oraz zasad wiedzy technicznej,<br \/>\n(ii) przestrzega\u0107 zasad etyki zawodowej,<br \/>\n(iii) stosowa\u0107 si\u0119 do uchwa\u0142 organ\u00f3w izby,<br \/>\n(iv) regularnie op\u0142aca\u0107 sk\u0142adki cz\u0142onkowskie.<\/p>\n<p>Katalog kar z tytu\u0142u przewinie\u0144 na podstawie odpowiedzialno\u015bci dyscyplinarnej architekta:<br \/>\n(i) upomnienie,<br \/>\n(ii) nagana,<br \/>\n(iii) czasowe zawieszenie w prawach cz\u0142onka izby,<br \/>\n(iv) skre\u015blenie z listy cz\u0142onk\u00f3w izby.<\/p>\n<h3><span class=\"ez-toc-section\" id=\"ODPOWIEDZIALNOSC_KARNA\"><\/span>ODPOWIEDZIALNO\u015a\u0106 KARNA<span class=\"ez-toc-section-end\"><\/span><\/h3>\n<p>\u2013 podstaw\u0105 odpowiedzialno\u015bci karnej w Prawie budowlanym jest art. 93 pkt. 1. Prawa budowlanego. Zgodnie z tre\u015bci\u0105 przywo\u0142anego przepisu prawa, kto projektowaniu lub wykonywaniu rob\u00f3t budowlanych w spos\u00f3b ra\u017c\u0105cy nie przestrzega przepis\u00f3w, w tym techniczno-budowlanych oraz zasad wiedzy technicznej podlega karze grzywny.<\/p>\n<p>W przypadku ewentualnej katastrofy budowlanej spowodowanej wadami projektowymi dosz\u0142o do zagro\u017cenia \u017cycia (art. 163 k.k.) lub \u015bmierci cz\u0142owieka (art. 155 k.k.).<\/p>\n<p>*Od odpowiedzialno\u015bci dyscyplinarnej wy\u0142\u0105czone s\u0105 czyny podlegaj\u0105ce odpowiedzialno\u015bci zawodowej na podstawie art. 95 Prawa budowlanego czy odpowiedzialno\u015bci porz\u0105dkowej na podstawie Kodeksu pracy<br \/>\n**Zapraszam do lektury zagadnienia mojego autorstwa po\u015bwi\u0119conego odpowiedzialno\u015bci cywilnej architekta.<\/p>\n<p style=\"text-align: center;\"><i><span style=\"font-weight: 400;\">31 sierpnia 2023r.<\/span><\/i><\/p>\n","protected":false},"featured_media":0,"template":"","class_list":["post-131","publications","type-publications","status-publish","hentry"],"acf":[],"yoast_head":"<!-- This site is optimized with the Yoast SEO plugin v27.5 - https:\/\/yoast.com\/product\/yoast-seo-wordpress\/ -->\n<title>Odpowiedzialno\u015b\u0107 dyscyplinarna, zawodowa i karna architekta - Alicja S\u0142awi\u0144ska<\/title>\n<meta name=\"robots\" content=\"index, follow, max-snippet:-1, max-image-preview:large, max-video-preview:-1\" \/>\n<link rel=\"canonical\" href=\"https:\/\/alicjaslawinska.pl\/pl\/publications\/odpowiedzialnosc-dyscyplinarna-zawodowa-i-karna-architekta\/\" \/>\n<meta property=\"og:locale\" content=\"pl_PL\" \/>\n<meta property=\"og:type\" content=\"article\" \/>\n<meta property=\"og:title\" content=\"Odpowiedzialno\u015b\u0107 dyscyplinarna, zawodowa i karna architekta - Alicja S\u0142awi\u0144ska\" \/>\n<meta property=\"og:description\" content=\"Zaw\u00f3d architekta polega przede wszystkim na projektowaniu i tworzeniu obiekt\u00f3w budowlanych. Wymaga zorientowania w takich dziedzinach jak urbanistyka, in\u017cynieria, krajobraz czy historia sztuki. Wa\u017cna rola w procesie inwestycyjno \u2013 budowlanym spowodowa\u0142a, \u017ce charakterystyka odpowiedzialno\u015bci prawnej architekta rozk\u0142ada si\u0119 nast\u0119puj\u0105co: ODPOWIEDZIALNO\u015a\u0106 ZAWODOWA \u2013 podstaw\u0105 odpowiedzialno\u015bci zawodowej architekt\u00f3w jest ustawa z dnia 7 lipca 1994r. &#8211; Prawo [&hellip;]\" \/>\n<meta property=\"og:url\" content=\"https:\/\/alicjaslawinska.pl\/pl\/publications\/odpowiedzialnosc-dyscyplinarna-zawodowa-i-karna-architekta\/\" \/>\n<meta property=\"og:site_name\" content=\"Alicja S\u0142awi\u0144ska\" \/>\n<meta property=\"article:modified_time\" content=\"2024-02-28T15:19:12+00:00\" \/>\n<meta property=\"og:image\" content=\"https:\/\/alicjaslawinska.pl\/wp-content\/uploads\/2024\/02\/1200x630.jpg\" \/>\n\t<meta property=\"og:image:width\" content=\"1200\" \/>\n\t<meta property=\"og:image:height\" content=\"630\" \/>\n\t<meta property=\"og:image:type\" content=\"image\/jpeg\" \/>\n<meta name=\"twitter:card\" content=\"summary_large_image\" \/>\n<meta name=\"twitter:label1\" content=\"Szacowany czas czytania\" \/>\n\t<meta name=\"twitter:data1\" content=\"2 minuty\" \/>\n<script type=\"application\/ld+json\" class=\"yoast-schema-graph\">{\"@context\":\"https:\\\/\\\/schema.org\",\"@graph\":[{\"@type\":\"WebPage\",\"@id\":\"https:\\\/\\\/alicjaslawinska.pl\\\/pl\\\/publications\\\/odpowiedzialnosc-dyscyplinarna-zawodowa-i-karna-architekta\\\/\",\"url\":\"https:\\\/\\\/alicjaslawinska.pl\\\/pl\\\/publications\\\/odpowiedzialnosc-dyscyplinarna-zawodowa-i-karna-architekta\\\/\",\"name\":\"Odpowiedzialno\u015b\u0107 dyscyplinarna, zawodowa i karna architekta - Alicja S\u0142awi\u0144ska\",\"isPartOf\":{\"@id\":\"https:\\\/\\\/alicjaslawinska.pl\\\/#website\"},\"datePublished\":\"2023-08-31T11:00:59+00:00\",\"dateModified\":\"2024-02-28T15:19:12+00:00\",\"breadcrumb\":{\"@id\":\"https:\\\/\\\/alicjaslawinska.pl\\\/pl\\\/publications\\\/odpowiedzialnosc-dyscyplinarna-zawodowa-i-karna-architekta\\\/#breadcrumb\"},\"inLanguage\":\"pl-PL\",\"potentialAction\":[{\"@type\":\"ReadAction\",\"target\":[\"https:\\\/\\\/alicjaslawinska.pl\\\/pl\\\/publications\\\/odpowiedzialnosc-dyscyplinarna-zawodowa-i-karna-architekta\\\/\"]}]},{\"@type\":\"BreadcrumbList\",\"@id\":\"https:\\\/\\\/alicjaslawinska.pl\\\/pl\\\/publications\\\/odpowiedzialnosc-dyscyplinarna-zawodowa-i-karna-architekta\\\/#breadcrumb\",\"itemListElement\":[{\"@type\":\"ListItem\",\"position\":1,\"name\":\"Home\",\"item\":\"https:\\\/\\\/alicjaslawinska.pl\\\/pl\\\/\"},{\"@type\":\"ListItem\",\"position\":2,\"name\":\"Odpowiedzialno\u015b\u0107 dyscyplinarna, zawodowa i karna architekta\"}]},{\"@type\":\"WebSite\",\"@id\":\"https:\\\/\\\/alicjaslawinska.pl\\\/#website\",\"url\":\"https:\\\/\\\/alicjaslawinska.pl\\\/\",\"name\":\"Alicja S\u0142wi\u0144ska\",\"description\":\"\",\"publisher\":{\"@id\":\"https:\\\/\\\/alicjaslawinska.pl\\\/#organization\"},\"potentialAction\":[{\"@type\":\"SearchAction\",\"target\":{\"@type\":\"EntryPoint\",\"urlTemplate\":\"https:\\\/\\\/alicjaslawinska.pl\\\/?s={search_term_string}\"},\"query-input\":{\"@type\":\"PropertyValueSpecification\",\"valueRequired\":true,\"valueName\":\"search_term_string\"}}],\"inLanguage\":\"pl-PL\"},{\"@type\":\"Organization\",\"@id\":\"https:\\\/\\\/alicjaslawinska.pl\\\/#organization\",\"name\":\"Alicja S\u0142wi\u0144ska\",\"url\":\"https:\\\/\\\/alicjaslawinska.pl\\\/\",\"logo\":{\"@type\":\"ImageObject\",\"inLanguage\":\"pl-PL\",\"@id\":\"https:\\\/\\\/alicjaslawinska.pl\\\/#\\\/schema\\\/logo\\\/image\\\/\",\"url\":\"https:\\\/\\\/alicjaslawinska.pl\\\/wp-content\\\/uploads\\\/2024\\\/02\\\/1200x630.jpg\",\"contentUrl\":\"https:\\\/\\\/alicjaslawinska.pl\\\/wp-content\\\/uploads\\\/2024\\\/02\\\/1200x630.jpg\",\"width\":1200,\"height\":630,\"caption\":\"Alicja S\u0142wi\u0144ska\"},\"image\":{\"@id\":\"https:\\\/\\\/alicjaslawinska.pl\\\/#\\\/schema\\\/logo\\\/image\\\/\"}}]}<\/script>\n<!-- \/ Yoast SEO plugin. -->","yoast_head_json":{"title":"Odpowiedzialno\u015b\u0107 dyscyplinarna, zawodowa i karna architekta - Alicja S\u0142awi\u0144ska","robots":{"index":"index","follow":"follow","max-snippet":"max-snippet:-1","max-image-preview":"max-image-preview:large","max-video-preview":"max-video-preview:-1"},"canonical":"https:\/\/alicjaslawinska.pl\/pl\/publications\/odpowiedzialnosc-dyscyplinarna-zawodowa-i-karna-architekta\/","og_locale":"pl_PL","og_type":"article","og_title":"Odpowiedzialno\u015b\u0107 dyscyplinarna, zawodowa i karna architekta - Alicja S\u0142awi\u0144ska","og_description":"Zaw\u00f3d architekta polega przede wszystkim na projektowaniu i tworzeniu obiekt\u00f3w budowlanych. Wymaga zorientowania w takich dziedzinach jak urbanistyka, in\u017cynieria, krajobraz czy historia sztuki. Wa\u017cna rola w procesie inwestycyjno \u2013 budowlanym spowodowa\u0142a, \u017ce charakterystyka odpowiedzialno\u015bci prawnej architekta rozk\u0142ada si\u0119 nast\u0119puj\u0105co: ODPOWIEDZIALNO\u015a\u0106 ZAWODOWA \u2013 podstaw\u0105 odpowiedzialno\u015bci zawodowej architekt\u00f3w jest ustawa z dnia 7 lipca 1994r. &#8211; Prawo [&hellip;]","og_url":"https:\/\/alicjaslawinska.pl\/pl\/publications\/odpowiedzialnosc-dyscyplinarna-zawodowa-i-karna-architekta\/","og_site_name":"Alicja S\u0142awi\u0144ska","article_modified_time":"2024-02-28T15:19:12+00:00","og_image":[{"width":1200,"height":630,"url":"https:\/\/alicjaslawinska.pl\/wp-content\/uploads\/2024\/02\/1200x630.jpg","type":"image\/jpeg"}],"twitter_card":"summary_large_image","twitter_misc":{"Szacowany czas czytania":"2 minuty"},"schema":{"@context":"https:\/\/schema.org","@graph":[{"@type":"WebPage","@id":"https:\/\/alicjaslawinska.pl\/pl\/publications\/odpowiedzialnosc-dyscyplinarna-zawodowa-i-karna-architekta\/","url":"https:\/\/alicjaslawinska.pl\/pl\/publications\/odpowiedzialnosc-dyscyplinarna-zawodowa-i-karna-architekta\/","name":"Odpowiedzialno\u015b\u0107 dyscyplinarna, zawodowa i karna architekta - Alicja S\u0142awi\u0144ska","isPartOf":{"@id":"https:\/\/alicjaslawinska.pl\/#website"},"datePublished":"2023-08-31T11:00:59+00:00","dateModified":"2024-02-28T15:19:12+00:00","breadcrumb":{"@id":"https:\/\/alicjaslawinska.pl\/pl\/publications\/odpowiedzialnosc-dyscyplinarna-zawodowa-i-karna-architekta\/#breadcrumb"},"inLanguage":"pl-PL","potentialAction":[{"@type":"ReadAction","target":["https:\/\/alicjaslawinska.pl\/pl\/publications\/odpowiedzialnosc-dyscyplinarna-zawodowa-i-karna-architekta\/"]}]},{"@type":"BreadcrumbList","@id":"https:\/\/alicjaslawinska.pl\/pl\/publications\/odpowiedzialnosc-dyscyplinarna-zawodowa-i-karna-architekta\/#breadcrumb","itemListElement":[{"@type":"ListItem","position":1,"name":"Home","item":"https:\/\/alicjaslawinska.pl\/pl\/"},{"@type":"ListItem","position":2,"name":"Odpowiedzialno\u015b\u0107 dyscyplinarna, zawodowa i karna architekta"}]},{"@type":"WebSite","@id":"https:\/\/alicjaslawinska.pl\/#website","url":"https:\/\/alicjaslawinska.pl\/","name":"Alicja S\u0142wi\u0144ska","description":"","publisher":{"@id":"https:\/\/alicjaslawinska.pl\/#organization"},"potentialAction":[{"@type":"SearchAction","target":{"@type":"EntryPoint","urlTemplate":"https:\/\/alicjaslawinska.pl\/?s={search_term_string}"},"query-input":{"@type":"PropertyValueSpecification","valueRequired":true,"valueName":"search_term_string"}}],"inLanguage":"pl-PL"},{"@type":"Organization","@id":"https:\/\/alicjaslawinska.pl\/#organization","name":"Alicja S\u0142wi\u0144ska","url":"https:\/\/alicjaslawinska.pl\/","logo":{"@type":"ImageObject","inLanguage":"pl-PL","@id":"https:\/\/alicjaslawinska.pl\/#\/schema\/logo\/image\/","url":"https:\/\/alicjaslawinska.pl\/wp-content\/uploads\/2024\/02\/1200x630.jpg","contentUrl":"https:\/\/alicjaslawinska.pl\/wp-content\/uploads\/2024\/02\/1200x630.jpg","width":1200,"height":630,"caption":"Alicja S\u0142wi\u0144ska"},"image":{"@id":"https:\/\/alicjaslawinska.pl\/#\/schema\/logo\/image\/"}}]}},"_links":{"self":[{"href":"https:\/\/alicjaslawinska.pl\/pl\/wp-json\/wp\/v2\/publications\/131","targetHints":{"allow":["GET"]}}],"collection":[{"href":"https:\/\/alicjaslawinska.pl\/pl\/wp-json\/wp\/v2\/publications"}],"about":[{"href":"https:\/\/alicjaslawinska.pl\/pl\/wp-json\/wp\/v2\/types\/publications"}],"wp:attachment":[{"href":"https:\/\/alicjaslawinska.pl\/pl\/wp-json\/wp\/v2\/media?parent=131"}],"curies":[{"name":"wp","href":"https:\/\/api.w.org\/{rel}","templated":true}]}}